{"id":9,"date":"2019-12-01T09:29:10","date_gmt":"2019-12-01T08:29:10","guid":{"rendered":"http:\/\/www.univ-mosta.dz\/vrdpo\/?page_id=9"},"modified":"2025-11-04T15:42:06","modified_gmt":"2025-11-04T14:42:06","slug":"presentation","status":"publish","type":"page","link":"https:\/\/www.univ-mosta.dz\/vrdpo\/presentation\/","title":{"rendered":"Pr\u00e9sentation"},"content":{"rendered":"<p style=\"text-align: justify;\"><span style=\"font-size: 14pt; font-family: 'times new roman', times, serif;\"><strong>Vice Recteur :<\/strong> <strong>Pr. Abdelhamid KRIDECH\u00a0<\/strong><\/span><\/p>\n<p style=\"text-align: justify;\"><span style=\"font-size: 14pt; font-family: 'times new roman', times, serif;\">Le vice rectorat du d\u00e9veloppement de la prospective et de l\u2019orientation\u00a0est un service centralis\u00e9 de l\u2019universit\u00e9 de l\u2019UMAB, il assure la planification, l\u2019inscription et le suivi des programmes de construction et d\u2019\u00e9quipements (construction de structures d\u2019accueil, acquisition des \u00e9quipements scientifiques pour les diff\u00e9rents d\u00e9partements et laboratoires de recherche) et proc\u00e8de chaque ann\u00e9e \u00e0 la collecte des donn\u00e9es statistiques de l\u2019universit\u00e9. (Base de toute planification)<\/span><\/p>\n<p style=\"text-align: justify;\" align=\"justify\"><span style=\"font-size: 14pt; font-family: 'times new roman', times, serif;\">Le vice-rectorat du d\u00e9veloppement, de la prospective et de l\u2019orientation r\u00e9unir les \u00e9l\u00e9ments n\u00e9cessaires \u00e0 l\u2019\u00e9laboration des projets de plans de d\u00e9veloppement de l\u2019universit\u00e9 ;<\/span><\/p>\n<ul class=\"bs-shortcode-list list-style-check\">\n<li style=\"text-align: justify;\"><span style=\"font-size: 14pt; font-family: 'times new roman', times, serif;\">Effectuer toute \u00e9tude prospective sur les pr\u00e9visions d\u2019\u00e9volution des effectifs \u00e9tudiants de l\u2019universit\u00e9 et proposer toute mesure pour leur prise en charge, notamment en mati\u00e8re d\u2019\u00e9volution d\u2019encadrement p\u00e9dagogique et administratif ;<\/span><\/li>\n<li style=\"text-align: justify;\">\n<p align=\"justify\"><span style=\"font-size: 14pt; font-family: 'times new roman', times, serif;\">Tenir le fichier statistique de l\u2019universit\u00e9 en veillant \u00e0 sa mise \u00e0 jour p\u00e9riodique ;<\/span><\/p>\n<\/li>\n<li style=\"text-align: justify;\">\n<p align=\"justify\"><span style=\"font-size: 14pt; font-family: 'times new roman', times, serif;\">Proc\u00e9der \u00e0 l\u2019\u00e9laboration de tout support d\u2019information sur les cursus d\u2019enseignement assur\u00e9s par l\u2019universit\u00e9 et leurs d\u00e9bouch\u00e9s professionnels ;<\/span><\/p>\n<\/li>\n<li style=\"text-align: justify;\">\n<p align=\"justify\"><span style=\"font-size: 14pt; font-family: 'times new roman', times, serif;\">Mettre \u00e0 la disposition des \u00e9tudiants toute information devant les aider dans leur choix d\u2019orientation ;<\/span><\/p>\n<\/li>\n<li>\n<p style=\"text-align: justify;\" align=\"justify\"><span style=\"font-size: 14pt; font-family: 'times new roman', times, serif;\">Suivre les programmes de construction et assurer la mise en \u0153uvre des programmes d\u2019\u00e9quipement de l\u2019universit\u00e9 en relation avec les services concern\u00e9s.<\/span><\/p>\n<\/li>\n<\/ul>\n","protected":false},"excerpt":{"rendered":"<p>Vice Recteur : Pr. Abdelhamid KRIDECH\u00a0 Le vice rectorat du d\u00e9veloppement de la prospective et de l\u2019orientation\u00a0est un service centralis\u00e9 de l\u2019universit\u00e9 de l\u2019UMAB, il assure la planification, l\u2019inscription et &hellip;<\/p>\n","protected":false},"author":1,"featured_media":0,"parent":0,"menu_order":0,"comment_status":"closed","ping_status":"closed","template":"","meta":{"_coblocks_attr":"","_coblocks_dimensions":"","_coblocks_responsive_height":"","_coblocks_accordion_ie_support":"","footnotes":""},"class_list":["post-9","page","type-page","status-publish","hentry"],"_links":{"self":[{"href":"https:\/\/www.univ-mosta.dz\/vrdpo\/wp-json\/wp\/v2\/pages\/9","targetHints":{"allow":["GET"]}}],"collection":[{"href":"https:\/\/www.univ-mosta.dz\/vrdpo\/wp-json\/wp\/v2\/pages"}],"about":[{"href":"https:\/\/www.univ-mosta.dz\/vrdpo\/wp-json\/wp\/v2\/types\/page"}],"author":[{"embeddable":true,"href":"https:\/\/www.univ-mosta.dz\/vrdpo\/wp-json\/wp\/v2\/users\/1"}],"replies":[{"embeddable":true,"href":"https:\/\/www.univ-mosta.dz\/vrdpo\/wp-json\/wp\/v2\/comments?post=9"}],"version-history":[{"count":5,"href":"https:\/\/www.univ-mosta.dz\/vrdpo\/wp-json\/wp\/v2\/pages\/9\/revisions"}],"predecessor-version":[{"id":61,"href":"https:\/\/www.univ-mosta.dz\/vrdpo\/wp-json\/wp\/v2\/pages\/9\/revisions\/61"}],"wp:attachment":[{"href":"https:\/\/www.univ-mosta.dz\/vrdpo\/wp-json\/wp\/v2\/media?parent=9"}],"curies":[{"name":"wp","href":"https:\/\/api.w.org\/{rel}","templated":true}]}}